{"id":15245,"date":"2021-10-06T16:03:12","date_gmt":"2021-10-06T14:03:12","guid":{"rendered":"https:\/\/psff.cz\/?page_id=15245"},"modified":"2025-09-28T15:48:27","modified_gmt":"2025-09-28T13:48:27","slug":"program-2024","status":"publish","type":"page","link":"https:\/\/psff.cz\/en\/program-2024\/","title":{"rendered":"Program 2024"},"content":{"rendered":"\t\t<div data-elementor-type=\"wp-page\" data-elementor-id=\"15245\" class=\"elementor elementor-15245 elementor-14149\" data-elementor-settings=\"[]\">\n\t\t\t\t\t\t\t<div class=\"elementor-section-wrap\">\n\t\t\t\t\t\t\t<section class=\"elementor-section elementor-top-section elementor-element elementor-element-1a3d050 elementor-section-boxed elementor-section-height-default elementor-section-height-default\" data-id=\"1a3d050\" data-element_type=\"section\" data-settings=\"{&quot;background_background&quot;:&quot;classic&quot;}\">\n\t\t\t\t\t\t<div class=\"elementor-container elementor-column-gap-default\">\n\t\t\t\t\t<div class=\"elementor-column elementor-col-100 elementor-top-column elementor-element elementor-element-17c1c17\" data-id=\"17c1c17\" data-element_type=\"column\">\n\t\t\t<div class=\"elementor-widget-wrap elementor-element-populated\">\n\t\t\t\t\t\t\t\t<section class=\"elementor-section elementor-inner-section elementor-element elementor-element-8cba91b elementor-section-boxed elementor-section-height-default elementor-section-height-default\" data-id=\"8cba91b\" data-element_type=\"section\" data-settings=\"{&quot;animation&quot;:&quot;none&quot;}\">\n\t\t\t\t\t\t<div class=\"elementor-container elementor-column-gap-default\">\n\t\t\t\t\t<div class=\"elementor-column elementor-col-100 elementor-inner-column elementor-element elementor-element-b41211f\" data-id=\"b41211f\" data-element_type=\"column\" data-settings=\"{&quot;animation&quot;:&quot;none&quot;}\">\n\t\t\t<div class=\"elementor-widget-wrap elementor-element-populated\">\n\t\t\t\t\t\t\t\t<div class=\"elementor-element elementor-element-069c30b elementor-invisible elementor-widget elementor-widget-elementskit-heading\" data-id=\"069c30b\" data-element_type=\"widget\" data-settings=\"{&quot;_animation&quot;:&quot;fadeInUp&quot;,&quot;ekit_we_effect_on&quot;:&quot;none&quot;}\" data-widget_type=\"elementskit-heading.default\">\n\t\t\t\t<div class=\"elementor-widget-container\">\n\t\t\t<div class=\"ekit-wid-con\" ><div class=\"ekit-heading elementskit-section-title-wraper text_center   ekit_heading_tablet-   ekit_heading_mobile-\"><h3 class=\"elementskit-section-subtitle  \">#enjoy<\/h3><h2 class=\"ekit-heading--title elementskit-section-title \">\n\t\t\t\t\tFestival program\n\t\t\t\t<\/h2>\t\t\t\t<div class='ekit-heading__description'>\n\t\t\t\t\t<p>Enjoy a selection of the best popular-science films from all over the world. Don\u2019t miss exclusive releases you won\u2019t be able to see in the theatres. The introductions and following discussions of attending filmmakers and scientists from the Czech Republic and abroad is an important part of the screenings.\u00a0<\/p>\n\t\t\t\t<\/div>\n\t\t\t<\/div><\/div>\t\t<\/div>\n\t\t\t\t<\/div>\n\t\t\t\t\t<\/div>\n\t\t<\/div>\n\t\t\t\t\t\t\t<\/div>\n\t\t<\/section>\n\t\t\t\t<div class=\"elementor-element elementor-element-54cdfb0 elementor-widget elementor-widget-evenex-schedule\" data-id=\"54cdfb0\" data-element_type=\"widget\" data-settings=\"{&quot;ekit_we_effect_on&quot;:&quot;none&quot;}\" data-widget_type=\"evenex-schedule.default\">\n\t\t\t\t<div class=\"elementor-widget-container\">\n\t\t\t<ul class=\"nav nav-tabs schedule-nav-tab-horizontal\" role=\"tablist\">\n            <li class=\"nav-item\">\n            <a class=\"nav-link text-center active show\" id=\"tab-54cdfb0-18556\" data-toggle=\"tab\" href=\"#schedule_MONDAY_14\/10_54cdfb0_1\" role=\"tab\" aria-controls=\"schedule_MONDAY_14\/10_54cdfb0_1\" aria-selected=\"true\">\n                                    <h2 class=\"schedule-title\">MONDAY 14\/10<\/h2><!-- Schedule Title -->\n                                                    <h3 class=\"schedule-subtitle\">10\/14\/2024 1:00 pm<\/h3><!-- Schedule Subtitle -->\n                            <\/a>\n        <\/li><!-- .nav-item end -->\n            <li class=\"nav-item\">\n            <a class=\"nav-link text-center \" id=\"tab-54cdfb0-18562\" data-toggle=\"tab\" href=\"#schedule_TUESDAY_15\/10_54cdfb0_2\" role=\"tab\" aria-controls=\"schedule_TUESDAY_15\/10_54cdfb0_2\" aria-selected=\"true\">\n                                    <h2 class=\"schedule-title\">TUESDAY 15\/10<\/h2><!-- Schedule Title -->\n                                                    <h3 class=\"schedule-subtitle\">10\/15\/2024 11:00 am<\/h3><!-- Schedule Subtitle -->\n                            <\/a>\n        <\/li><!-- .nav-item end -->\n            <li class=\"nav-item\">\n            <a class=\"nav-link text-center \" id=\"tab-54cdfb0-18578\" data-toggle=\"tab\" href=\"#schedule_WEDNESDAY_16\/10_54cdfb0_3\" role=\"tab\" aria-controls=\"schedule_WEDNESDAY_16\/10_54cdfb0_3\" aria-selected=\"true\">\n                                    <h2 class=\"schedule-title\">WEDNESDAY 16\/10<\/h2><!-- Schedule Title -->\n                                                    <h3 class=\"schedule-subtitle\">10\/16\/2024 11:00 am<\/h3><!-- Schedule Subtitle -->\n                            <\/a>\n        <\/li><!-- .nav-item end -->\n            <li class=\"nav-item\">\n            <a class=\"nav-link text-center \" id=\"tab-54cdfb0-18581\" data-toggle=\"tab\" href=\"#schedule_THURSDAY_17\/10_54cdfb0_4\" role=\"tab\" aria-controls=\"schedule_THURSDAY_17\/10_54cdfb0_4\" aria-selected=\"true\">\n                                    <h2 class=\"schedule-title\">THURSDAY 17\/10<\/h2><!-- Schedule Title -->\n                                                    <h3 class=\"schedule-subtitle\">10\/17\/2024 11:00 am<\/h3><!-- Schedule Subtitle -->\n                            <\/a>\n        <\/li><!-- .nav-item end -->\n    <\/ul>\n<div class=\"tab-content schedule-tab-content-horizontal\">\n                <div class=\"tab-pane fade show active\" id=\"schedule_MONDAY_14\/10_54cdfb0_1\" role=\"tabpanel\" aria-labelledby=\"tab-54cdfb0-18556\">\n                <div class=\"schedule-lists\">\n                                            <div class=\"row no-gutters horizontal-schedule-list\">\n                            <div class=\"col-lg-3 col-md-4\">\n                                                                                                                            <div class=\"schedule-speaker-wraper text-center\">\n                                                    <a data-toggle=\"tooltip\" data-placement=\"top\" title=\"The Conquest of Space\" class=\"schedule-speaker\" target=\"_blank\" href=\"https:\/\/psff.cz\/en\/profil-filmu\/the-conquest-of-space\/\">\n                                                        <img loading=\"lazy\" decoding=\"async\" width=\"150\" height=\"150\" src=\"https:\/\/psff.cz\/wp-content\/uploads\/2024\/09\/THE_CONQUEST_OF_SPACE-1-150x150.jpg\" class=\"attachment-thumbnail size-thumbnail\" alt=\"The Conquest of Space\" \/>                                                                                                                <h4 class=\"speaker-name\">The Conquest of Space<\/h4>\n                                                        \n                                                                                                                <p class=\"speaker-designation\">Directed by: Albin Biblom<\/p>\n                                                                                                            <\/a>\n                                                <\/div>\n                                                                                                                                                    <\/div>\n                            <div class=\"col-lg-9 col-md-8\">\n                                <div class=\"schedule-list\">\n                                                                        <h2 class=\"schedule-list-title\">The Conquest of Space + Da Vinci\u2019s Dream: The Secrets od Flight<\/h2><!-- Schedule list title -->\n                                    \n                                                                        <div class=\"schedule-meta-info\"><!-- Schedule info -->\n                                                                                <!-- Schedule time -->\n                                        <span class=\"schedule-time\">\n                                            <i class=\"xs-icon-clock\"><\/i>\n                                            13:00                                        <\/span>\n                                        \n                                                                                <!-- Schedule room -->\n                                        <span class=\"schedule-room\">\n                                            <i class=\"xs-icon-place\"><\/i>\n                                            Aula \u010cZU                                        <\/span>\n                                                                            <\/div>\n                                    \n                                                                        <p><b>Guests: Cl\u00e9ment Champiat &amp; Filip Harabi\u0161<\/b><br>\r\nA double feature of the short film <b>The Conquest of Space <\/b> about the fate of the first living creature in the universe. <a href=\"https:\/\/psff.cz\/en\/profil-filmu\/the-conquest-of-space\/\"> Profile \u2192<\/a><br> This will be followed by documentary <b>Da Vinci\u2019s Dream: The Secrets od Flight <\/b>. Can research into flying in nature change the way we look at aviation and open the skies to new, revolutionary technologies? <a href=\"https:\/\/psff.cz\/profil-filmu\/da-vinciho-sen\/\"> Profile \u2192<\/a>\r\n<br><br> ENG FRIENDLY: YES\r\n<\/p>\n                                    <!-- Schedule note -->\n                                                                    <\/div>\n                            <\/div>\n                        <\/div>\n                                                <div class=\"row no-gutters horizontal-schedule-list\">\n                            <div class=\"col-lg-3 col-md-4\">\n                                                                                                                            <div class=\"schedule-speaker-wraper text-center\">\n                                                    <a data-toggle=\"tooltip\" data-placement=\"top\" title=\"Moving Mountains\" class=\"schedule-speaker\" target=\"_blank\" href=\"https:\/\/psff.cz\/en\/profil-filmu\/moving-mountains\/\">\n                                                        <img loading=\"lazy\" decoding=\"async\" width=\"150\" height=\"150\" src=\"https:\/\/psff.cz\/wp-content\/uploads\/2024\/09\/Moving-Mountains-150x150.png\" class=\"attachment-thumbnail size-thumbnail\" alt=\"Moving Mountains\" \/>                                                                                                                <h4 class=\"speaker-name\">Moving Mountains<\/h4>\n                                                        \n                                                                                                                <p class=\"speaker-designation\">Directed by: Renko Douze<\/p>\n                                                                                                            <\/a>\n                                                <\/div>\n                                                                                                                                                    <\/div>\n                            <div class=\"col-lg-9 col-md-8\">\n                                <div class=\"schedule-list\">\n                                                                        <h2 class=\"schedule-list-title\">Moving Mountains +  Giants Rising<\/h2><!-- Schedule list title -->\n                                    \n                                                                        <div class=\"schedule-meta-info\"><!-- Schedule info -->\n                                                                                <!-- Schedule time -->\n                                        <span class=\"schedule-time\">\n                                            <i class=\"xs-icon-clock\"><\/i>\n                                            16:00                                        <\/span>\n                                        \n                                                                                <!-- Schedule room -->\n                                        <span class=\"schedule-room\">\n                                            <i class=\"xs-icon-place\"><\/i>\n                                            Aula \u010cZU                                        <\/span>\n                                                                            <\/div>\n                                    \n                                                                        <p><b>Guest: Ji\u0159\u00ed Grulich<\/b><br>\r\nA double feature of the short film <b>Moving Mountains<\/b> about climate change impacts on the Himalayas. <a href=\"https:\/\/psff.cz\/en\/profil-filmu\/moving-mountains\/\"> Profile \u2192<\/a><br> This will be followed by documentary<b>\r\nGiants Rising <\/b> about the tallest and oldest trees on Earth - Sequoias. <a href=\"https:\/\/psff.cz\/en\/profil-filmu\/giants-rising\/\"> Profile \u2192<\/a>\r\n<br><br> ENG FRIENDLY: YES\r\n<\/p>\n                                    <!-- Schedule note -->\n                                                                    <\/div>\n                            <\/div>\n                        <\/div>\n                                                <div class=\"row no-gutters horizontal-schedule-list\">\n                            <div class=\"col-lg-3 col-md-4\">\n                                                                                                                            <div class=\"schedule-speaker-wraper text-center\">\n                                                    <a data-toggle=\"tooltip\" data-placement=\"top\" title=\"The Storm - Wildlife in Wild Weather\" class=\"schedule-speaker\" target=\"_blank\" href=\"https:\/\/psff.cz\/en\/profil-filmu\/the-storm\/\">\n                                                        <img loading=\"lazy\" decoding=\"async\" width=\"150\" height=\"150\" src=\"https:\/\/psff.cz\/wp-content\/uploads\/2024\/09\/The-Storm-Wildlife-in-Wild-Weather-1-150x150.jpeg\" class=\"attachment-thumbnail size-thumbnail\" alt=\"The Storm - Wildlife in Wild Weather\" \/>                                                                                                                <h4 class=\"speaker-name\">The Storm - Wildlife in Wild Weather<\/h4>\n                                                        \n                                                                                                                <p class=\"speaker-designation\">Directed by: Robin J\u00e4hne, Michael R. G\u00e4rtner <\/p>\n                                                                                                            <\/a>\n                                                <\/div>\n                                                                                                                                                    <\/div>\n                            <div class=\"col-lg-9 col-md-8\">\n                                <div class=\"schedule-list\">\n                                                                        <h2 class=\"schedule-list-title\">Tick Tactic + The Storm \u2013 Wildlife in Wild Weather \/ FESTIVAL OPENING<\/h2><!-- Schedule list title -->\n                                    \n                                                                        <div class=\"schedule-meta-info\"><!-- Schedule info -->\n                                                                                <!-- Schedule time -->\n                                        <span class=\"schedule-time\">\n                                            <i class=\"xs-icon-clock\"><\/i>\n                                            19:30                                        <\/span>\n                                        \n                                                                                <!-- Schedule room -->\n                                        <span class=\"schedule-room\">\n                                            <i class=\"xs-icon-place\"><\/i>\n                                            Aula \u010cZU                                        <\/span>\n                                                                            <\/div>\n                                    \n                                                                        <p>The festival's opening with a double screening of a short film <b>Tick Tactic<\/b>, which was created during a workshop at the PSFF festival in 2023. <a href=\"https:\/\/psff.cz\/en\/profil-filmu\/tick-tactic\/\"> Profile \u2192<\/a><br>\r\n\r\nIt will be followed by a film <b>The Storm \u2013 Wildlife in Wild Weather<\/b>. The film captures the peril faced by creatures, from tiny ants to wild horses, as they brave the onslaught of rain and lightning.\r\n <a href=\"https:\/\/psff.cz\/en\/profil-filmu\/the-storm\/\"> Profile \u2192<\/a>\r\n<br><br> ENG FRIENDLY: YES<\/p>\n                                    <!-- Schedule note -->\n                                                                    <\/div>\n                            <\/div>\n                        <\/div>\n                                        <\/div><!-- .schedule-lists end -->\n            <\/div>\n                    <div class=\"tab-pane fade \" id=\"schedule_TUESDAY_15\/10_54cdfb0_2\" role=\"tabpanel\" aria-labelledby=\"tab-54cdfb0-18562\">\n                <div class=\"schedule-lists\">\n                                            <div class=\"row no-gutters horizontal-schedule-list\">\n                            <div class=\"col-lg-3 col-md-4\">\n                                                                                                            <div class=\"schedule-speaker-wraper text-center\">\n                                                <a data-toggle=\"tooltip\" data-placement=\"top\" title=\"Film Workshop: WILD CAMPUS\" class=\"schedule-speaker\" target=\"_blank\" href=\"https:\/\/psff.cz\/en\/profil-filmu\/filmovy-workshop-wild-campus\/\">\n                                                    <img loading=\"lazy\" decoding=\"async\" width=\"150\" height=\"150\" src=\"https:\/\/psff.cz\/wp-content\/uploads\/2024\/09\/Schools_3-1536x1015-1-150x150.jpeg\" class=\"attachment-thumbnail size-thumbnail\" alt=\"Film Workshop: WILD CAMPUS\" \/>                                                                                                        <h4 class=\"speaker-name\">Film Workshop: WILD CAMPUS<\/h4>\n                                                    \n                                                                                                        <p class=\"speaker-designation\">REGISTRATION REQUIRED<\/p>\n                                                                                                    <\/a>\n                                            <\/div>\n                                                                    <\/div>\n                            <div class=\"col-lg-9 col-md-8\">\n                                <div class=\"schedule-list\">\n                                                                        <h2 class=\"schedule-list-title\">Film Workshop: WILD CAMPUS<\/h2><!-- Schedule list title -->\n                                    \n                                                                        <div class=\"schedule-meta-info\"><!-- Schedule info -->\n                                                                                <!-- Schedule time -->\n                                        <span class=\"schedule-time\">\n                                            <i class=\"xs-icon-clock\"><\/i>\n                                            13:00 -17:00                                        <\/span>\n                                        \n                                                                                <!-- Schedule room -->\n                                        <span class=\"schedule-room\">\n                                            <i class=\"xs-icon-place\"><\/i>\n                                            Kampus \u010cZU                                        <\/span>\n                                                                            <\/div>\n                                    \n                                                                        <p>In collaboration with My Street Films, we\u2019ve prepared a one-day film workshop just for you!\r\n <a href=\"https:\/\/psff.cz\/en\/profil-filmu\/filmovy-workshop-wild-campus\/\"> Info \u2192<\/a>\r\n<br><br> REGISTRATION REQUIRED \r\n<\/p>\n                                    <!-- Schedule note -->\n                                                                    <\/div>\n                            <\/div>\n                        <\/div>\n                                                <div class=\"row no-gutters horizontal-schedule-list\">\n                            <div class=\"col-lg-3 col-md-4\">\n                                                                                                            <div class=\"schedule-speaker-wraper text-center\">\n                                                <a data-toggle=\"tooltip\" data-placement=\"top\" title=\"Evolution Earth: Islands\" class=\"schedule-speaker\" target=\"_blank\" href=\"https:\/\/psff.cz\/en\/profil-filmu\/evolution-earth-islands\/\">\n                                                    <img loading=\"lazy\" decoding=\"async\" width=\"150\" height=\"150\" src=\"https:\/\/psff.cz\/wp-content\/uploads\/2024\/09\/Evolution-Earth-2-150x150.jpg\" class=\"attachment-thumbnail size-thumbnail\" alt=\"Evolution Earth: Islands\" \/>                                                                                                        <h4 class=\"speaker-name\">Evolution Earth: Islands<\/h4>\n                                                    \n                                                                                                        <p class=\"speaker-designation\">Directed by: Oliver Twinch<\/p>\n                                                                                                    <\/a>\n                                            <\/div>\n                                                                    <\/div>\n                            <div class=\"col-lg-9 col-md-8\">\n                                <div class=\"schedule-list\">\n                                                                        <h2 class=\"schedule-list-title\">Evolution Earth: Islands<\/h2><!-- Schedule list title -->\n                                    \n                                                                        <div class=\"schedule-meta-info\"><!-- Schedule info -->\n                                                                                <!-- Schedule time -->\n                                        <span class=\"schedule-time\">\n                                            <i class=\"xs-icon-clock\"><\/i>\n                                            11:00                                        <\/span>\n                                        \n                                                                                <!-- Schedule room -->\n                                        <span class=\"schedule-room\">\n                                            <i class=\"xs-icon-place\"><\/i>\n                                            Aula \u010cZU                                        <\/span>\n                                                                            <\/div>\n                                    \n                                                                        <p>Charles Darwin believed that evolutionary changes take place slowly over thousands, even millions of years. But what if he was wrong and everything transpires much faster than we have ever imagined?\r\n <a href=\"https:\/\/psff.cz\/en\/profil-filmu\/evolution-earth-islands\/\"> Profile \u2192<\/a>\r\n<br><br> ENG FRIENDLY: YES<\/p>\n                                    <!-- Schedule note -->\n                                                                    <\/div>\n                            <\/div>\n                        <\/div>\n                                                <div class=\"row no-gutters horizontal-schedule-list\">\n                            <div class=\"col-lg-3 col-md-4\">\n                                                                                                            <div class=\"schedule-speaker-wraper text-center\">\n                                                <a data-toggle=\"tooltip\" data-placement=\"top\" title=\"Hunt for the Oldest DNA\" class=\"schedule-speaker\" target=\"_blank\" href=\"https:\/\/psff.cz\/en\/profil-filmu\/hunt-for-the-oldest-dna\/\">\n                                                    <img loading=\"lazy\" decoding=\"async\" width=\"150\" height=\"150\" src=\"https:\/\/psff.cz\/wp-content\/uploads\/2024\/09\/Hon-na-nejstarsi-DNA-150x150.jpg\" class=\"attachment-thumbnail size-thumbnail\" alt=\"Hunt for the Oldest DNA\" \/>                                                                                                        <h4 class=\"speaker-name\">Hunt for the Oldest DNA<\/h4>\n                                                    \n                                                                                                        <p class=\"speaker-designation\">Directed by: Niobe Thompson<\/p>\n                                                                                                    <\/a>\n                                            <\/div>\n                                                                    <\/div>\n                            <div class=\"col-lg-9 col-md-8\">\n                                <div class=\"schedule-list\">\n                                                                        <h2 class=\"schedule-list-title\">Hunt for the Oldest DNA<\/h2><!-- Schedule list title -->\n                                    \n                                                                        <div class=\"schedule-meta-info\"><!-- Schedule info -->\n                                                                                <!-- Schedule time -->\n                                        <span class=\"schedule-time\">\n                                            <i class=\"xs-icon-clock\"><\/i>\n                                            13:00                                        <\/span>\n                                        \n                                                                                <!-- Schedule room -->\n                                        <span class=\"schedule-room\">\n                                            <i class=\"xs-icon-place\"><\/i>\n                                            Aula \u010cZU                                        <\/span>\n                                                                            <\/div>\n                                    \n                                                                        <p><b>Guest: Leo\u0161 Val\u00e1\u0161ek <\/b><br>\r\nWhere does the DNA go? Can it survive to bear witness to the past? \r\n <a href=\"https:\/\/psff.cz\/en\/profil-filmu\/hunt-for-the-oldest-dna\/\"> Profile \u2192<\/a>\r\n<br><br> ENG FRIENDLY: YES<\/p>\n                                    <!-- Schedule note -->\n                                                                    <\/div>\n                            <\/div>\n                        <\/div>\n                                                <div class=\"row no-gutters horizontal-schedule-list\">\n                            <div class=\"col-lg-3 col-md-4\">\n                                                                                                            <div class=\"schedule-speaker-wraper text-center\">\n                                                <a data-toggle=\"tooltip\" data-placement=\"top\" title=\"The Last of the Nightingales\" class=\"schedule-speaker\" target=\"_blank\" href=\"https:\/\/psff.cz\/en\/profil-filmu\/the-last-of-the-nightingales\/\">\n                                                    <img loading=\"lazy\" decoding=\"async\" width=\"150\" height=\"150\" src=\"https:\/\/psff.cz\/wp-content\/uploads\/2024\/09\/The-Last-of-the-Nightingales-1-150x150.jpg\" class=\"attachment-thumbnail size-thumbnail\" alt=\"The Last of the Nightingales\" \/>                                                                                                        <h4 class=\"speaker-name\">The Last of the Nightingales<\/h4>\n                                                    \n                                                                                                        <p class=\"speaker-designation\">Directed by: Masha Karpoukhina<\/p>\n                                                                                                    <\/a>\n                                            <\/div>\n                                                                    <\/div>\n                            <div class=\"col-lg-9 col-md-8\">\n                                <div class=\"schedule-list\">\n                                                                        <h2 class=\"schedule-list-title\"> The Last of the Nightingales<\/h2><!-- Schedule list title -->\n                                    \n                                                                        <div class=\"schedule-meta-info\"><!-- Schedule info -->\n                                                                                <!-- Schedule time -->\n                                        <span class=\"schedule-time\">\n                                            <i class=\"xs-icon-clock\"><\/i>\n                                            16:00                                        <\/span>\n                                        \n                                                                                <!-- Schedule room -->\n                                        <span class=\"schedule-room\">\n                                            <i class=\"xs-icon-place\"><\/i>\n                                            Aula \u010cZU                                        <\/span>\n                                                                            <\/div>\n                                    \n                                                                        <p><b>Guest: Rose Wyatt <\/b><br>\r\nIt is not too late to start listening carefully to what nature is telling us. This documentary about acoustic ecology explores nature through sound.\r\n<a href=\"https:\/\/psff.cz\/en\/profil-filmu\/the-last-of-the-nightingales\/\"> Profile \u2192<\/a>\r\n<br><br> ENG FRIENDLY: YES<\/p>\n                                    <!-- Schedule note -->\n                                                                    <\/div>\n                            <\/div>\n                        <\/div>\n                                                <div class=\"row no-gutters horizontal-schedule-list\">\n                            <div class=\"col-lg-3 col-md-4\">\n                                                                                                                            <div class=\"schedule-speaker-wraper text-center\">\n                                                    <a data-toggle=\"tooltip\" data-placement=\"top\" title=\"Antarctic Voyage\" class=\"schedule-speaker\" target=\"_blank\" href=\"https:\/\/psff.cz\/en\/profil-filmu\/antarctic-voyage\/\">\n                                                        <img loading=\"lazy\" decoding=\"async\" width=\"150\" height=\"150\" src=\"https:\/\/psff.cz\/wp-content\/uploads\/2024\/09\/AntarcticVoyage-1-150x150.jpg\" class=\"attachment-thumbnail size-thumbnail\" alt=\"Antarctic Voyage\" \/>                                                                                                                <h4 class=\"speaker-name\">Antarctic Voyage<\/h4>\n                                                        \n                                                                                                                <p class=\"speaker-designation\">Directed by: Kevin Schreck<\/p>\n                                                                                                            <\/a>\n                                                <\/div>\n                                                                                                                                                    <\/div>\n                            <div class=\"col-lg-9 col-md-8\">\n                                <div class=\"schedule-list\">\n                                                                        <h2 class=\"schedule-list-title\"> Arctic Ice + Antarctic Voyage<\/h2><!-- Schedule list title -->\n                                    \n                                                                        <div class=\"schedule-meta-info\"><!-- Schedule info -->\n                                                                                <!-- Schedule time -->\n                                        <span class=\"schedule-time\">\n                                            <i class=\"xs-icon-clock\"><\/i>\n                                            17:30                                        <\/span>\n                                        \n                                                                                <!-- Schedule room -->\n                                        <span class=\"schedule-room\">\n                                            <i class=\"xs-icon-place\"><\/i>\n                                            Aula \u010cZU                                        <\/span>\n                                                                            <\/div>\n                                    \n                                                                        <p><b>Guest: Kevin Schreck <\/b><br>\r\nA double feature of the short film <b> Arctic Ice <\/b> which is a love letter to the disappearing Arctic. <a href=\"https:\/\/psff.cz\/profil-filmu\/arkticky-led-pod-pulnocnim-sluncem\/\"> Profile \u2192<\/a><br> This will be followed by documentary <b>Antarctic Voyage<\/b> A poetic polar voyage through the ice kingdom reveals the beauty of field research. <a href=\"https:\/\/psff.cz\/en\/profil-filmu\/antarctic-voyage\/\"> Profile \u2192<\/a>\r\n<br><br> ENG FRIENDLY: YES<\/p>\n                                    <!-- Schedule note -->\n                                                                    <\/div>\n                            <\/div>\n                        <\/div>\n                                                <div class=\"row no-gutters horizontal-schedule-list\">\n                            <div class=\"col-lg-3 col-md-4\">\n                                                                                                            <div class=\"schedule-speaker-wraper text-center\">\n                                                <a data-toggle=\"tooltip\" data-placement=\"top\" title=\"Shelf Life\" class=\"schedule-speaker\" target=\"_blank\" href=\"https:\/\/psff.cz\/en\/profil-filmu\/shelf-life\/\">\n                                                    <img loading=\"lazy\" decoding=\"async\" width=\"150\" height=\"150\" src=\"https:\/\/psff.cz\/wp-content\/uploads\/2024\/09\/Shelf-Life-1-150x150.jpg\" class=\"attachment-thumbnail size-thumbnail\" alt=\"Shelf Life\" \/>                                                                                                        <h4 class=\"speaker-name\">Shelf Life<\/h4>\n                                                    \n                                                                                                        <p class=\"speaker-designation\">Directed by: Ian Cheney<\/p>\n                                                                                                    <\/a>\n                                            <\/div>\n                                                                    <\/div>\n                            <div class=\"col-lg-9 col-md-8\">\n                                <div class=\"schedule-list\">\n                                                                        <h2 class=\"schedule-list-title\">Shelf Life<\/h2><!-- Schedule list title -->\n                                    \n                                                                        <div class=\"schedule-meta-info\"><!-- Schedule info -->\n                                                                                <!-- Schedule time -->\n                                        <span class=\"schedule-time\">\n                                            <i class=\"xs-icon-clock\"><\/i>\n                                            19:30                                        <\/span>\n                                        \n                                                                                <!-- Schedule room -->\n                                        <span class=\"schedule-room\">\n                                            <i class=\"xs-icon-place\"><\/i>\n                                            Aula \u010cZU                                        <\/span>\n                                                                            <\/div>\n                                    \n                                                                        <p><b>Guests: Robyn Metcalfe &amp; Iveta Klojdov\u00e1 <\/b><br>\r\nAgeing with grace? That is the forte of cheese!\r\n<a href=\"https:\/\/psff.cz\/en\/profil-filmu\/shelf-life\/\"> Profile \u2192<\/a>\r\n<br><br> ENG FRIENDLY: YES<\/p>\n                                    <!-- Schedule note -->\n                                                                    <\/div>\n                            <\/div>\n                        <\/div>\n                                        <\/div><!-- .schedule-lists end -->\n            <\/div>\n                    <div class=\"tab-pane fade \" id=\"schedule_WEDNESDAY_16\/10_54cdfb0_3\" role=\"tabpanel\" aria-labelledby=\"tab-54cdfb0-18578\">\n                <div class=\"schedule-lists\">\n                                            <div class=\"row no-gutters horizontal-schedule-list\">\n                            <div class=\"col-lg-3 col-md-4\">\n                                                                                                            <div class=\"schedule-speaker-wraper text-center\">\n                                                <a data-toggle=\"tooltip\" data-placement=\"top\" title=\"Wild Argentina - Land of Survivors\" class=\"schedule-speaker\" target=\"_blank\" href=\"https:\/\/psff.cz\/en\/profil-filmu\/wild-argentina\/\">\n                                                    <img loading=\"lazy\" decoding=\"async\" width=\"150\" height=\"150\" src=\"https:\/\/psff.cz\/wp-content\/uploads\/2024\/09\/Wild-Argentina-Land-of-Survivors-150x150.jpg\" class=\"attachment-thumbnail size-thumbnail\" alt=\"Wild Argentina - Land of Survivors\" \/>                                                                                                        <h4 class=\"speaker-name\">Wild Argentina - Land of Survivors<\/h4>\n                                                    \n                                                                                                        <p class=\"speaker-designation\">Directed by: Christian Baumeister, Moritz Mayerle<\/p>\n                                                                                                    <\/a>\n                                            <\/div>\n                                                                    <\/div>\n                            <div class=\"col-lg-9 col-md-8\">\n                                <div class=\"schedule-list\">\n                                                                        <h2 class=\"schedule-list-title\">Wild Argentina \u2013 Land of Survivors<\/h2><!-- Schedule list title -->\n                                    \n                                                                        <div class=\"schedule-meta-info\"><!-- Schedule info -->\n                                                                                <!-- Schedule time -->\n                                        <span class=\"schedule-time\">\n                                            <i class=\"xs-icon-clock\"><\/i>\n                                            11:00                                        <\/span>\n                                        \n                                                                                <!-- Schedule room -->\n                                        <span class=\"schedule-room\">\n                                            <i class=\"xs-icon-place\"><\/i>\n                                            Aula \u010cZU                                        <\/span>\n                                                                            <\/div>\n                                    \n                                                                        <p><b>Guests: Florencia Baudino, Nicolas Cecchetto &amp; Pavla Hejcmanov\u00e1 <\/b><br>\r\nThe diverse nature and rich ecosystem of wild Argentina.\r\n <a href=\"https:\/\/psff.cz\/en\/profil-filmu\/wild-argentina\/\"> Profile \u2192<\/a>\r\n<br><br> ENG FRIENDLY: YES<\/p>\n                                    <!-- Schedule note -->\n                                                                    <\/div>\n                            <\/div>\n                        <\/div>\n                                                <div class=\"row no-gutters horizontal-schedule-list\">\n                            <div class=\"col-lg-3 col-md-4\">\n                                                                                                            <div class=\"schedule-speaker-wraper text-center\">\n                                                <a data-toggle=\"tooltip\" data-placement=\"top\" title=\"The Great Enigma\" class=\"schedule-speaker\" target=\"_blank\" href=\"https:\/\/psff.cz\/en\/profil-filmu\/the-great-enigma\/\">\n                                                    <img loading=\"lazy\" decoding=\"async\" width=\"150\" height=\"150\" src=\"https:\/\/psff.cz\/wp-content\/uploads\/2024\/09\/The-Great-Enigma-2-150x150.png\" class=\"attachment-thumbnail size-thumbnail\" alt=\"The Great Enigma\" \/>                                                                                                        <h4 class=\"speaker-name\">The Great Enigma<\/h4>\n                                                    \n                                                                                                        <p class=\"speaker-designation\">Directed by: Eduardo Barrachina<\/p>\n                                                                                                    <\/a>\n                                            <\/div>\n                                                                    <\/div>\n                            <div class=\"col-lg-9 col-md-8\">\n                                <div class=\"schedule-list\">\n                                                                        <h2 class=\"schedule-list-title\">The Great Enigma<\/h2><!-- Schedule list title -->\n                                    \n                                                                        <div class=\"schedule-meta-info\"><!-- Schedule info -->\n                                                                                <!-- Schedule time -->\n                                        <span class=\"schedule-time\">\n                                            <i class=\"xs-icon-clock\"><\/i>\n                                            13:00                                        <\/span>\n                                        \n                                                                                <!-- Schedule room -->\n                                        <span class=\"schedule-room\">\n                                            <i class=\"xs-icon-place\"><\/i>\n                                            Aula \u010cZU                                        <\/span>\n                                                                            <\/div>\n                                    \n                                                                        <p><b>Guest: Marek \u0160pinka <\/b><br>\r\nExploring the essence of humanity \u2013 what truly sets us apart?\r\n <a href=\"https:\/\/psff.cz\/en\/profil-filmu\/the-great-enigma\/\"> Profile \u2192<\/a>\r\n<br><br> ENG FRIENDLY: YES<\/p>\n                                    <!-- Schedule note -->\n                                                                    <\/div>\n                            <\/div>\n                        <\/div>\n                                                <div class=\"row no-gutters horizontal-schedule-list\">\n                            <div class=\"col-lg-3 col-md-4\">\n                                                                                                            <div class=\"schedule-speaker-wraper text-center\">\n                                                <a data-toggle=\"tooltip\" data-placement=\"top\" title=\"Ivohiboro : The Lost Forest\" class=\"schedule-speaker\" target=\"_blank\" href=\"https:\/\/psff.cz\/en\/profil-filmu\/ivohiboro-the-lost-forest\/\">\n                                                    <img loading=\"lazy\" decoding=\"async\" width=\"150\" height=\"150\" src=\"https:\/\/psff.cz\/wp-content\/uploads\/2024\/09\/Ivohiboro-150x150.jpg\" class=\"attachment-thumbnail size-thumbnail\" alt=\"Ivohiboro : The Lost Forest\" \/>                                                                                                        <h4 class=\"speaker-name\">Ivohiboro : The Lost Forest<\/h4>\n                                                    \n                                                                                                        <p class=\"speaker-designation\">Directed by: Fitzgerald Jego, Laurent Portes<\/p>\n                                                                                                    <\/a>\n                                            <\/div>\n                                                                    <\/div>\n                            <div class=\"col-lg-9 col-md-8\">\n                                <div class=\"schedule-list\">\n                                                                        <h2 class=\"schedule-list-title\">Ivohiboro: The Lost Forest<\/h2><!-- Schedule list title -->\n                                    \n                                                                        <div class=\"schedule-meta-info\"><!-- Schedule info -->\n                                                                                <!-- Schedule time -->\n                                        <span class=\"schedule-time\">\n                                            <i class=\"xs-icon-clock\"><\/i>\n                                            15:00                                        <\/span>\n                                        \n                                                                                <!-- Schedule room -->\n                                        <span class=\"schedule-room\">\n                                            <i class=\"xs-icon-place\"><\/i>\n                                            Aula \u010cZU                                        <\/span>\n                                                                            <\/div>\n                                    \n                                                                        <p><b>Guests: Gautier Dubois &amp; Laurent Portes  <\/b><br>\r\nComing-of-age drama of aspiring scientists set against the backdrop of untouched rainforest and mountain ranges.\r\n <a href=\"https:\/\/psff.cz\/en\/profil-filmu\/ivohiboro-the-lost-forest\/\"> Profile \u2192<\/a>\r\n<br><br> ENG FRIENDLY: YES<\/p>\n                                    <!-- Schedule note -->\n                                                                    <\/div>\n                            <\/div>\n                        <\/div>\n                                                <div class=\"row no-gutters horizontal-schedule-list\">\n                            <div class=\"col-lg-3 col-md-4\">\n                                                                                                            <div class=\"schedule-speaker-wraper text-center\">\n                                                <a data-toggle=\"tooltip\" data-placement=\"top\" title=\"Water Lost and Returned\" class=\"schedule-speaker\" target=\"_blank\" href=\"https:\/\/psff.cz\/en\/profil-filmu\/water-lost\/\">\n                                                    <img loading=\"lazy\" decoding=\"async\" width=\"150\" height=\"150\" src=\"https:\/\/psff.cz\/wp-content\/uploads\/2024\/09\/Voda-ztracena-a-vracena-150x150.jpg\" class=\"attachment-thumbnail size-thumbnail\" alt=\"Water Lost and Returned\" \/>                                                                                                        <h4 class=\"speaker-name\">Water Lost and Returned<\/h4>\n                                                    \n                                                                                                        <p class=\"speaker-designation\">Directed by: Radek Pl\u00edhal<\/p>\n                                                                                                    <\/a>\n                                            <\/div>\n                                                                    <\/div>\n                            <div class=\"col-lg-9 col-md-8\">\n                                <div class=\"schedule-list\">\n                                                                        <h2 class=\"schedule-list-title\">Water Lost and Returned<\/h2><!-- Schedule list title -->\n                                    \n                                                                        <div class=\"schedule-meta-info\"><!-- Schedule info -->\n                                                                                <!-- Schedule time -->\n                                        <span class=\"schedule-time\">\n                                            <i class=\"xs-icon-clock\"><\/i>\n                                            17:30                                        <\/span>\n                                        \n                                                                                <!-- Schedule room -->\n                                        <span class=\"schedule-room\">\n                                            <i class=\"xs-icon-place\"><\/i>\n                                            Aula \u010cZU                                        <\/span>\n                                                                            <\/div>\n                                    \n                                                                        <p><b>Guests: Radek Pl\u00edhal &amp; Luk\u00e1\u0161 Linhart<\/b><br>\r\nAuthorial cinematic poem by Radek Pl\u00edhal shows the importance of water in our countryside \u2013 not through words but through the remarkable paintings and music of Lenka Dusilov\u00e1 and Petr Ostrouchov.\r\n <a href=\"https:\/\/psff.cz\/en\/profil-filmu\/water-lost\/\"> Profile \u2192<\/a>\r\n<br><br> ENG FRIENDLY: YES<\/p>\n                                    <!-- Schedule note -->\n                                                                    <\/div>\n                            <\/div>\n                        <\/div>\n                                                <div class=\"row no-gutters horizontal-schedule-list\">\n                            <div class=\"col-lg-3 col-md-4\">\n                                                                                                            <div class=\"schedule-speaker-wraper text-center\">\n                                                <a data-toggle=\"tooltip\" data-placement=\"top\" title=\"Among The Wolves\" class=\"schedule-speaker\" target=\"_blank\" href=\"https:\/\/psff.cz\/en\/profil-filmu\/among-the-wolves\/\">\n                                                    <img loading=\"lazy\" decoding=\"async\" width=\"150\" height=\"150\" src=\"https:\/\/psff.cz\/wp-content\/uploads\/2024\/09\/Among-The-Wolves-2-150x150.png\" class=\"attachment-thumbnail size-thumbnail\" alt=\"Among The Wolves\" \/>                                                                                                        <h4 class=\"speaker-name\">Among The Wolves<\/h4>\n                                                    \n                                                                                                        <p class=\"speaker-designation\">Directed by: Tanguy Dumortier, Olivier Larrey<\/p>\n                                                                                                    <\/a>\n                                            <\/div>\n                                                                    <\/div>\n                            <div class=\"col-lg-9 col-md-8\">\n                                <div class=\"schedule-list\">\n                                                                        <h2 class=\"schedule-list-title\">Among The Wolves<\/h2><!-- Schedule list title -->\n                                    \n                                                                        <div class=\"schedule-meta-info\"><!-- Schedule info -->\n                                                                                <!-- Schedule time -->\n                                        <span class=\"schedule-time\">\n                                            <i class=\"xs-icon-clock\"><\/i>\n                                            19:30                                        <\/span>\n                                        \n                                                                                <!-- Schedule room -->\n                                        <span class=\"schedule-room\">\n                                            <i class=\"xs-icon-place\"><\/i>\n                                            Aula \u010cZU                                        <\/span>\n                                                                            <\/div>\n                                    \n                                                                        <p><b>Guests: Tom\u00e1\u0161 J\u016fnek &amp; Ale\u0161 Vorel<\/b><br>\r\nAmong The Wolves follows the unique journey of photographer Olivier and painter Yves, who spend fifteen days each season in a small prospecting hut in the wilderness between Finland and Russia.\r\n <a href=\"https:\/\/psff.cz\/en\/profil-filmu\/among-the-wolves\/\"> Profile \u2192<\/a>\r\n<br><br> ENG FRIENDLY: NO<\/p>\n                                    <!-- Schedule note -->\n                                                                    <\/div>\n                            <\/div>\n                        <\/div>\n                                        <\/div><!-- .schedule-lists end -->\n            <\/div>\n                    <div class=\"tab-pane fade \" id=\"schedule_THURSDAY_17\/10_54cdfb0_4\" role=\"tabpanel\" aria-labelledby=\"tab-54cdfb0-18581\">\n                <div class=\"schedule-lists\">\n                                            <div class=\"row no-gutters horizontal-schedule-list\">\n                            <div class=\"col-lg-3 col-md-4\">\n                                                                                                            <div class=\"schedule-speaker-wraper text-center\">\n                                                <a data-toggle=\"tooltip\" data-placement=\"top\" title=\"Lions of the Skeleton Coast\" class=\"schedule-speaker\" target=\"_blank\" href=\"https:\/\/psff.cz\/en\/profil-filmu\/lions-of-the-skeleton-coast\/\">\n                                                    <img loading=\"lazy\" decoding=\"async\" width=\"150\" height=\"150\" src=\"https:\/\/psff.cz\/wp-content\/uploads\/2024\/09\/Lions-of-the-Skeleton-Coast-2-150x150.jpg\" class=\"attachment-thumbnail size-thumbnail\" alt=\"Lions of the Skeleton Coast\" \/>                                                                                                        <h4 class=\"speaker-name\">Lions of the Skeleton Coast<\/h4>\n                                                    \n                                                                                                        <p class=\"speaker-designation\">Directed by: Lianne Steenkamp, Will Steenkamp<\/p>\n                                                                                                    <\/a>\n                                            <\/div>\n                                                                    <\/div>\n                            <div class=\"col-lg-9 col-md-8\">\n                                <div class=\"schedule-list\">\n                                                                        <h2 class=\"schedule-list-title\">Lions of the Skeleton Coast<\/h2><!-- Schedule list title -->\n                                    \n                                                                        <div class=\"schedule-meta-info\"><!-- Schedule info -->\n                                                                                <!-- Schedule time -->\n                                        <span class=\"schedule-time\">\n                                            <i class=\"xs-icon-clock\"><\/i>\n                                            11:00                                        <\/span>\n                                        \n                                                                                <!-- Schedule room -->\n                                        <span class=\"schedule-room\">\n                                            <i class=\"xs-icon-place\"><\/i>\n                                            Aula \u010cZU                                        <\/span>\n                                                                            <\/div>\n                                    \n                                                                        <p><b>Guest: Karol\u00edna Brandlov\u00e1<\/b><br>\r\nResearcher Dr Philip Stander follows three cubs as they navigate the harsh desert of Namibia\u2019s Skeleton Coast \u2013 one of the most unforgiving environments on Earth.\r\n <a href=\"https:\/\/psff.cz\/en\/profil-filmu\/lions-of-the-skeleton-coast\/\"> Profile \u2192<\/a>\r\n<br><br> ENG FRIENDLY: YES<\/p>\n                                    <!-- Schedule note -->\n                                                                    <\/div>\n                            <\/div>\n                        <\/div>\n                                                <div class=\"row no-gutters horizontal-schedule-list\">\n                            <div class=\"col-lg-3 col-md-4\">\n                                                                                                                            <div class=\"schedule-speaker-wraper text-center\">\n                                                    <a data-toggle=\"tooltip\" data-placement=\"top\" title=\"Immaculate\" class=\"schedule-speaker\" target=\"_blank\" href=\"https:\/\/psff.cz\/en\/profil-filmu\/immaculate\/\">\n                                                        <img loading=\"lazy\" decoding=\"async\" width=\"150\" height=\"150\" src=\"https:\/\/psff.cz\/wp-content\/uploads\/2024\/09\/Immaculate-still_1-150x150.jpg\" class=\"attachment-thumbnail size-thumbnail\" alt=\"Immaculate\" \/>                                                                                                                <h4 class=\"speaker-name\">Immaculate<\/h4>\n                                                        \n                                                                                                                <p class=\"speaker-designation\">Directed by: Ningjing Wang<\/p>\n                                                                                                            <\/a>\n                                                <\/div>\n                                                                                                                                                    <\/div>\n                            <div class=\"col-lg-9 col-md-8\">\n                                <div class=\"schedule-list\">\n                                                                        <h2 class=\"schedule-list-title\">Short Films: Immaculate, Seeing Fungi, Wrought<\/h2><!-- Schedule list title -->\n                                    \n                                                                        <div class=\"schedule-meta-info\"><!-- Schedule info -->\n                                                                                <!-- Schedule time -->\n                                        <span class=\"schedule-time\">\n                                            <i class=\"xs-icon-clock\"><\/i>\n                                            13:00                                        <\/span>\n                                        \n                                                                                <!-- Schedule room -->\n                                        <span class=\"schedule-room\">\n                                            <i class=\"xs-icon-place\"><\/i>\n                                            Aula \u010cZU                                        <\/span>\n                                                                            <\/div>\n                                    \n                                                                        <p>Short Films:<br><br> <b>Immaculate <\/b> <a href=\"https:\/\/psff.cz\/en\/profil-filmu\/immaculate\/\"> Profile \u2192<\/a><br>  <b>Seeing Fungi<\/b> <a href=\"https:\/\/psff.cz\/en\/profil-filmu\/seeing-fungi\/\"> Profile \u2192<\/a> <br><b>Wrought<\/b> <a href=\"https:\/\/psff.cz\/en\/profil-filmu\/wrought\/\"> Profile \u2192<\/a><br> \r\n<br><br> ENG FRIENDLY: YES<\/p>\n                                    <!-- Schedule note -->\n                                                                    <\/div>\n                            <\/div>\n                        <\/div>\n                                                <div class=\"row no-gutters horizontal-schedule-list\">\n                            <div class=\"col-lg-3 col-md-4\">\n                                                                                                                            <div class=\"schedule-speaker-wraper text-center\">\n                                                    <a data-toggle=\"tooltip\" data-placement=\"top\" title=\"The Dingo Fence\" class=\"schedule-speaker\" target=\"_blank\" href=\"https:\/\/psff.cz\/en\/profil-filmu\/the-dingo-fence\/\">\n                                                        <img loading=\"lazy\" decoding=\"async\" width=\"150\" height=\"150\" src=\"https:\/\/psff.cz\/wp-content\/uploads\/2024\/09\/The-Dingo-Fence-Still-1-150x150.jpg\" class=\"attachment-thumbnail size-thumbnail\" alt=\"The Dingo Fence\" \/>                                                                                                                <h4 class=\"speaker-name\">The Dingo Fence<\/h4>\n                                                        \n                                                                                                                <p class=\"speaker-designation\">Directed by: Kate Church<\/p>\n                                                                                                            <\/a>\n                                                <\/div>\n                                                                                                                                                    <\/div>\n                            <div class=\"col-lg-9 col-md-8\">\n                                <div class=\"schedule-list\">\n                                                                        <h2 class=\"schedule-list-title\">The Dingo Fence +  Wilding<\/h2><!-- Schedule list title -->\n                                    \n                                                                        <div class=\"schedule-meta-info\"><!-- Schedule info -->\n                                                                                <!-- Schedule time -->\n                                        <span class=\"schedule-time\">\n                                            <i class=\"xs-icon-clock\"><\/i>\n                                            14:30                                        <\/span>\n                                        \n                                                                                <!-- Schedule room -->\n                                        <span class=\"schedule-room\">\n                                            <i class=\"xs-icon-place\"><\/i>\n                                            Aula \u010cZU                                        <\/span>\n                                                                            <\/div>\n                                    \n                                                                        <p><b>Guest: Michal Knapp<\/b><br>\r\nA double feature of the short film <b>The Dingo Fence<\/b> s it the time to let the dogs out? <a href=\"https:\/\/psff.cz\/en\/profil-filmu\/the-dingo-fence\/\"> Profile \u2192<\/a><br> This will be followed by documentary <b>\r\nWilding<\/b>.  A visually opulent documentary adaptation of her book Wilding: The Return of Nature to a British Farm. Can we give nature space to heal itself? <a href=\"https:\/\/psff.cz\/en\/profil-filmu\/wilding\/\"> Profile\u2192<\/a>\r\n<br><br> ENG FRIENDLY: YES<\/p>\n                                    <!-- Schedule note -->\n                                                                    <\/div>\n                            <\/div>\n                        <\/div>\n                                                <div class=\"row no-gutters horizontal-schedule-list\">\n                            <div class=\"col-lg-3 col-md-4\">\n                                                                                                            <div class=\"schedule-speaker-wraper text-center\">\n                                                <a data-toggle=\"tooltip\" data-placement=\"top\" title=\"Trees In My Field\" class=\"schedule-speaker\" target=\"_blank\" href=\"https:\/\/psff.cz\/en\/profil-filmu\/trees-in-my-field\/\">\n                                                    <img loading=\"lazy\" decoding=\"async\" width=\"150\" height=\"150\" src=\"https:\/\/psff.cz\/wp-content\/uploads\/2024\/09\/Trees-In-My-Field-150x150.png\" class=\"attachment-thumbnail size-thumbnail\" alt=\"Trees In My Field\" \/>                                                                                                        <h4 class=\"speaker-name\">Trees In My Field<\/h4>\n                                                    \n                                                                                                        <p class=\"speaker-designation\">Directed by: Joris van der Kamp<\/p>\n                                                                                                    <\/a>\n                                            <\/div>\n                                                                    <\/div>\n                            <div class=\"col-lg-9 col-md-8\">\n                                <div class=\"schedule-list\">\n                                                                        <h2 class=\"schedule-list-title\">Trees In My Field<\/h2><!-- Schedule list title -->\n                                    \n                                                                        <div class=\"schedule-meta-info\"><!-- Schedule info -->\n                                                                                <!-- Schedule time -->\n                                        <span class=\"schedule-time\">\n                                            <i class=\"xs-icon-clock\"><\/i>\n                                            17:00                                        <\/span>\n                                        \n                                                                                <!-- Schedule room -->\n                                        <span class=\"schedule-room\">\n                                            <i class=\"xs-icon-place\"><\/i>\n                                            Aula \u010cZU                                        <\/span>\n                                                                            <\/div>\n                                    \n                                                                        <p><b>Guests: B\u011bla Bonu\u0161ov\u00e1 &amp;  Jakub Hou\u0161ka <\/b><br>\r\nWhat involves integrating trees and shrubs into agricultural production? And doesn't it just make farmers feel good about being more environmentally friendly? The film tries to show the tangible benefits of agroforestry.\r\n <a href=\"https:\/\/psff.cz\/en\/profil-filmu\/trees-in-my-field\/\"> Profile \u2192<\/a>\r\n<br><br> ENG FRIENDLY: YES<\/p>\n                                    <!-- Schedule note -->\n                                                                    <\/div>\n                            <\/div>\n                        <\/div>\n                                                <div class=\"row no-gutters horizontal-schedule-list\">\n                            <div class=\"col-lg-3 col-md-4\">\n                                                                                                            <div class=\"schedule-speaker-wraper text-center\">\n                                                <a data-toggle=\"tooltip\" data-placement=\"top\" title=\"Woodpeckers: The Hole Story\" class=\"schedule-speaker\" target=\"_blank\" href=\"https:\/\/psff.cz\/en\/profil-filmu\/woodpeckers-the-hole-story\/\">\n                                                    <img loading=\"lazy\" decoding=\"async\" width=\"150\" height=\"150\" src=\"https:\/\/psff.cz\/wp-content\/uploads\/2024\/09\/16-Baby-looking-out-nest-hole--150x150.jpg\" class=\"attachment-thumbnail size-thumbnail\" alt=\"Woodpeckers: The Hole Story\" \/>                                                                                                        <h4 class=\"speaker-name\">Woodpeckers: The Hole Story<\/h4>\n                                                    \n                                                                                                        <p class=\"speaker-designation\">Directed by: Ann Johnson Prum<\/p>\n                                                                                                    <\/a>\n                                            <\/div>\n                                                                    <\/div>\n                            <div class=\"col-lg-9 col-md-8\">\n                                <div class=\"schedule-list\">\n                                                                        <h2 class=\"schedule-list-title\">Woodpeckers: The Hole Story<\/h2><!-- Schedule list title -->\n                                    \n                                                                        <div class=\"schedule-meta-info\"><!-- Schedule info -->\n                                                                                <!-- Schedule time -->\n                                        <span class=\"schedule-time\">\n                                            <i class=\"xs-icon-clock\"><\/i>\n                                            19:30                                        <\/span>\n                                        \n                                                                                <!-- Schedule room -->\n                                        <span class=\"schedule-room\">\n                                            <i class=\"xs-icon-place\"><\/i>\n                                            Aula \u010cZU                                        <\/span>\n                                                                            <\/div>\n                                    \n                                                                        <p>Everything you wanted to know about woodpeckers but were afraid to ask. The film presents the notorious bird and its numerous relatives in a global context.\r\n <a href=\"https:\/\/psff.cz\/en\/profil-filmu\/woodpeckers-the-hole-story\/\"> Profile \u2192<\/a>\r\n<br><br> ENG FRIENDLY: YES<\/p>\n                                    <!-- Schedule note -->\n                                                                    <\/div>\n                            <\/div>\n                        <\/div>\n                                        <\/div><!-- .schedule-lists end -->\n            <\/div>\n        <\/div><!-- .schedule-tab-content end -->\t\t<\/div>\n\t\t\t\t<\/div>\n\t\t\t\t\t<\/div>\n\t\t<\/div>\n\t\t\t\t\t\t\t<\/div>\n\t\t<\/section>\n\t\t\t\t\t\t<\/div>\n\t\t\t\t\t<\/div>\n\t\t\n    <div class=\"xs_social_share_widget xs_share_url after_content \t\tmain_content  wslu-style-1 wslu-share-box-shaped wslu-fill-colored wslu-none wslu-share-horizontal wslu-theme-font-no wslu-main_content\">\n\n\t\t\n        <ul>\n\t\t\t        <\/ul>\n    <\/div> \n","protected":false},"excerpt":{"rendered":"<p>#enjoy Festival program Enjoy a selection of the best popular-science films from all over the world. Don\u2019t miss exclusive releases you won\u2019t be able to see in the theatres. The introductions and following discussions of attending filmmakers and scientists from the Czech Republic and abroad is an important part of the screenings.\u00a0 MONDAY 14\/10 10\/14\/2024 [&hellip;]<\/p>\n","protected":false},"author":1,"featured_media":15452,"parent":0,"menu_order":0,"comment_status":"closed","ping_status":"closed","template":"template\/full-width-template.php","meta":{"_monsterinsights_skip_tracking":false,"_monsterinsights_sitenote_active":false,"_monsterinsights_sitenote_note":"","_monsterinsights_sitenote_category":0,"footnotes":""},"class_list":["post-15245","page","type-page","status-publish","has-post-thumbnail","hentry"],"aioseo_notices":[],"_links":{"self":[{"href":"https:\/\/psff.cz\/en\/wp-json\/wp\/v2\/pages\/15245","targetHints":{"allow":["GET"]}}],"collection":[{"href":"https:\/\/psff.cz\/en\/wp-json\/wp\/v2\/pages"}],"about":[{"href":"https:\/\/psff.cz\/en\/wp-json\/wp\/v2\/types\/page"}],"author":[{"embeddable":true,"href":"https:\/\/psff.cz\/en\/wp-json\/wp\/v2\/users\/1"}],"replies":[{"embeddable":true,"href":"https:\/\/psff.cz\/en\/wp-json\/wp\/v2\/comments?post=15245"}],"version-history":[{"count":34,"href":"https:\/\/psff.cz\/en\/wp-json\/wp\/v2\/pages\/15245\/revisions"}],"predecessor-version":[{"id":18560,"href":"https:\/\/psff.cz\/en\/wp-json\/wp\/v2\/pages\/15245\/revisions\/18560"}],"wp:featuredmedia":[{"embeddable":true,"href":"https:\/\/psff.cz\/en\/wp-json\/wp\/v2\/media\/15452"}],"wp:attachment":[{"href":"https:\/\/psff.cz\/en\/wp-json\/wp\/v2\/media?parent=15245"}],"curies":[{"name":"wp","href":"https:\/\/api.w.org\/{rel}","templated":true}]}}